{"id":1060,"date":"2025-01-27T15:16:03","date_gmt":"2025-01-27T14:16:03","guid":{"rendered":"http:\/\/www.ursulines-tournai.be\/?page_id=1060"},"modified":"2025-03-11T14:20:32","modified_gmt":"2025-03-11T13:20:32","slug":"1060-2","status":"publish","type":"page","link":"http:\/\/www.ursulines-tournai.be\/index.php\/1060-2\/","title":{"rendered":"Nos projets p\u00e9dagogiques"},"content":{"rendered":"<p>[et_pb_section fb_built=\u00a0\u00bb1&Prime; _builder_version=\u00a0\u00bb4.24.2&Prime; _module_preset=\u00a0\u00bbdefault\u00a0\u00bb background_color=\u00a0\u00bb#ffe0b2&Prime; background_image=\u00a0\u00bbhttp:\/\/www.ursulines-tournai.be\/wp-content\/uploads\/2025\/01\/projet-1.png\u00a0\u00bb background_position=\u00a0\u00bbtop_left\u00a0\u00bb background_horizontal_offset=\u00a0\u00bb0%\u00a0\u00bb background_vertical_offset=\u00a0\u00bb50%\u00a0\u00bb background_blend=\u00a0\u00bbsoft-light\u00a0\u00bb global_colors_info=\u00a0\u00bb{}\u00a0\u00bb][et_pb_row _builder_version=\u00a0\u00bb4.24.2&Prime; _module_preset=\u00a0\u00bbdefault\u00a0\u00bb global_colors_info=\u00a0\u00bb{}\u00a0\u00bb][et_pb_column type=\u00a0\u00bb4_4&Prime; _builder_version=\u00a0\u00bb4.24.2&Prime; _module_preset=\u00a0\u00bbdefault\u00a0\u00bb global_colors_info=\u00a0\u00bb{}\u00a0\u00bb][et_pb_text _builder_version=\u00a0\u00bb4.24.2&Prime; _module_preset=\u00a0\u00bbdefault\u00a0\u00bb text_font=\u00a0\u00bbPoppins||||||||\u00a0\u00bb text_text_color=\u00a0\u00bb#212121&Prime; text_font_size=\u00a0\u00bb26px\u00a0\u00bb text_orientation=\u00a0\u00bbcenter\u00a0\u00bb hover_enabled=\u00a0\u00bb0&Prime; global_colors_info=\u00a0\u00bb{}\u00a0\u00bb sticky_enabled=\u00a0\u00bb0&Prime;]<\/p>\n<p>Nos projets p\u00e9dagogiques<\/p>\n<p>[\/et_pb_text][\/et_pb_column][\/et_pb_row][\/et_pb_section][et_pb_section fb_built=\u00a0\u00bb1&Prime; _builder_version=\u00a0\u00bb4.24.2&Prime; _module_preset=\u00a0\u00bbdefault\u00a0\u00bb background_color=\u00a0\u00bb#e0e0e0&Prime; custom_padding=\u00a0\u00bb||0px|||\u00a0\u00bb global_colors_info=\u00a0\u00bb{}\u00a0\u00bb][et_pb_row _builder_version=\u00a0\u00bb4.24.2&Prime; _module_preset=\u00a0\u00bbdefault\u00a0\u00bb global_colors_info=\u00a0\u00bb{}\u00a0\u00bb][et_pb_column type=\u00a0\u00bb4_4&Prime; _builder_version=\u00a0\u00bb4.24.2&Prime; _module_preset=\u00a0\u00bbdefault\u00a0\u00bb global_colors_info=\u00a0\u00bb{}\u00a0\u00bb][et_pb_text _builder_version=\u00a0\u00bb4.24.2&Prime; _module_preset=\u00a0\u00bbdefault\u00a0\u00bb text_font=\u00a0\u00bbLora||||||||\u00a0\u00bb text_text_color=\u00a0\u00bb#212121&Prime; text_font_size=\u00a0\u00bb16px\u00a0\u00bb text_line_height=\u00a0\u00bb1.8em\u00a0\u00bb text_orientation=\u00a0\u00bbcenter\u00a0\u00bb custom_margin=\u00a0\u00bb-53px|||||\u00a0\u00bb hover_enabled=\u00a0\u00bb0&Prime; global_colors_info=\u00a0\u00bb{}\u00a0\u00bb sticky_enabled=\u00a0\u00bb0&Prime;]<\/p>\n<p>\u00ab\u00a0Semer des graines d\u2019\u00e9veil et d\u2019\u00e9motions pour faire fleurir les talents de chaque enfant.\u00a0\u00bb<\/p>\n<p>[\/et_pb_text][\/et_pb_column][\/et_pb_row][\/et_pb_section][et_pb_section fb_built=\u00a0\u00bb1&Prime; _builder_version=\u00a0\u00bb4.24.2&Prime; _module_preset=\u00a0\u00bbdefault\u00a0\u00bb custom_margin=\u00a0\u00bb-23px|||||\u00a0\u00bb custom_padding=\u00a0\u00bb4px|||||\u00a0\u00bb global_colors_info=\u00a0\u00bb{}\u00a0\u00bb][et_pb_row column_structure=\u00a0\u00bb2_5,3_5&Prime; _builder_version=\u00a0\u00bb4.24.2&Prime; _module_preset=\u00a0\u00bbdefault\u00a0\u00bb custom_margin=\u00a0\u00bb|auto|1px|auto||\u00a0\u00bb global_colors_info=\u00a0\u00bb{}\u00a0\u00bb][et_pb_column type=\u00a0\u00bb2_5&Prime; _builder_version=\u00a0\u00bb4.24.2&Prime; _module_preset=\u00a0\u00bbdefault\u00a0\u00bb global_colors_info=\u00a0\u00bb{}\u00a0\u00bb][et_pb_image src=\u00a0\u00bbhttp:\/\/www.ursulines-tournai.be\/wp-content\/uploads\/2024\/03\/Paques-1-4-10.png\u00a0\u00bb title_text=\u00a0\u00bbP\u00e2ques 1-4 (10)\u00a0\u00bb _builder_version=\u00a0\u00bb4.24.2&Prime; _module_preset=\u00a0\u00bbdefault\u00a0\u00bb global_colors_info=\u00a0\u00bb{}\u00a0\u00bb][\/et_pb_image][\/et_pb_column][et_pb_column type=\u00a0\u00bb3_5&Prime; _builder_version=\u00a0\u00bb4.24.2&Prime; _module_preset=\u00a0\u00bbdefault\u00a0\u00bb global_colors_info=\u00a0\u00bb{}\u00a0\u00bb][et_pb_cta title=\u00a0\u00bbRespire \u00e0 l&rsquo;\u00e9cole\u00a0\u00bb button_text=\u00a0\u00bbEn savoir plus\u00a0\u00bb _builder_version=\u00a0\u00bb4.24.2&Prime; _module_preset=\u00a0\u00bbdefault\u00a0\u00bb header_font=\u00a0\u00bbPoppins||||||||\u00a0\u00bb header_text_color=\u00a0\u00bb#212121&Prime; body_font=\u00a0\u00bbLora|300|||||||\u00a0\u00bb body_text_align=\u00a0\u00bbleft\u00a0\u00bb body_text_color=\u00a0\u00bb#212121&Prime; body_font_size=\u00a0\u00bb16px\u00a0\u00bb background_color=\u00a0\u00bbrgba(209,0,73,0.3)\u00a0\u00bb custom_margin=\u00a0\u00bb28px|||||\u00a0\u00bb custom_padding=\u00a0\u00bb80px||80px|||\u00a0\u00bb hover_enabled=\u00a0\u00bb0&Prime; global_colors_info=\u00a0\u00bb{}\u00a0\u00bb sticky_enabled=\u00a0\u00bb0&Prime;]<\/p>\n<p>Ce projet propose des ateliers gratuits pendant la pause de midi pour favoriser le bien-\u00eatre des enfants. Ils peuvent s\u2019inscrire \u00e0 des activit\u00e9s vari\u00e9es telles que mandalas, improvisation, yoga, \u00e9veil scientifique, percussion corporelle, dessin d\u2019expression des \u00e9motions,&#8230; Les ateliers se d\u00e9roulent par modules tout au long de l\u2019ann\u00e9e.<\/p>\n<p>[\/et_pb_cta][\/et_pb_column][\/et_pb_row][et_pb_row column_structure=\u00a0\u00bb2_5,3_5&Prime; _builder_version=\u00a0\u00bb4.24.2&Prime; _module_preset=\u00a0\u00bbdefault\u00a0\u00bb custom_padding=\u00a0\u00bb0px|||||\u00a0\u00bb hover_enabled=\u00a0\u00bb0&Prime; global_colors_info=\u00a0\u00bb{}\u00a0\u00bb sticky_enabled=\u00a0\u00bb0&Prime;][et_pb_column _builder_version=\u00a0\u00bb4.24.2&Prime; _module_preset=\u00a0\u00bbdefault\u00a0\u00bb type=\u00a0\u00bb2_5&Prime;][et_pb_image src=\u00a0\u00bbhttp:\/\/www.ursulines-tournai.be\/wp-content\/uploads\/2025\/01\/projet-15.png\u00a0\u00bb title_text=\u00a0\u00bbprojet (15)\u00a0\u00bb _builder_version=\u00a0\u00bb4.24.2&Prime; _module_preset=\u00a0\u00bbdefault\u00a0\u00bb global_colors_info=\u00a0\u00bb{}\u00a0\u00bb][\/et_pb_image][\/et_pb_column][et_pb_column type=\u00a0\u00bb3_5&Prime; _builder_version=\u00a0\u00bb4.24.2&Prime; _module_preset=\u00a0\u00bbdefault\u00a0\u00bb global_colors_info=\u00a0\u00bb{}\u00a0\u00bb][et_pb_cta title=\u00a0\u00bbLudop\u00e9dagogie\u00a0\u00bb button_text=\u00a0\u00bbClics\u00a0\u00bb _builder_version=\u00a0\u00bb4.24.2&Prime; _module_preset=\u00a0\u00bbdefault\u00a0\u00bb header_font=\u00a0\u00bbPoppins||||||||\u00a0\u00bb header_text_color=\u00a0\u00bb#212121&Prime; body_font=\u00a0\u00bbLora|300|||||||\u00a0\u00bb body_text_align=\u00a0\u00bbleft\u00a0\u00bb body_text_color=\u00a0\u00bb#212121&Prime; body_font_size=\u00a0\u00bb16px\u00a0\u00bb background_color=\u00a0\u00bbrgba(0,63,153,0.3)\u00a0\u00bb min_height=\u00a0\u00bb319.8px\u00a0\u00bb custom_margin=\u00a0\u00bb14px|||||\u00a0\u00bb custom_padding=\u00a0\u00bb80px||79px|||\u00a0\u00bb hover_enabled=\u00a0\u00bb0&Prime; global_colors_info=\u00a0\u00bb{}\u00a0\u00bb sticky_enabled=\u00a0\u00bb0&Prime;]<\/p>\n<p>Chaque jour, pendant la pause de midi, les enfants ont l\u2019occasion de participer \u00e0 des activit\u00e9s autour des jeux de soci\u00e9t\u00e9. Ce projet favorise la r\u00e9flexion, la coop\u00e9ration et le plaisir partag\u00e9 dans un cadre ludique. Les \u00e9l\u00e8ves d\u00e9couvrent une grande vari\u00e9t\u00e9 de jeux adapt\u00e9s \u00e0 leur \u00e2ge, tout en d\u00e9veloppant des comp\u00e9tences comme la strat\u00e9gie, la communication et le respect des r\u00e8gles.<\/p>\n<p>[\/et_pb_cta][\/et_pb_column][\/et_pb_row][et_pb_row column_structure=\u00a0\u00bb2_5,3_5&Prime; _builder_version=\u00a0\u00bb4.24.2&Prime; _module_preset=\u00a0\u00bbdefault\u00a0\u00bb global_colors_info=\u00a0\u00bb{}\u00a0\u00bb][et_pb_column type=\u00a0\u00bb2_5&Prime; _builder_version=\u00a0\u00bb4.24.2&Prime; _module_preset=\u00a0\u00bbdefault\u00a0\u00bb global_colors_info=\u00a0\u00bb{}\u00a0\u00bb][et_pb_image src=\u00a0\u00bbhttp:\/\/www.ursulines-tournai.be\/wp-content\/uploads\/2024\/03\/Paques-1-4-11.png\u00a0\u00bb title_text=\u00a0\u00bbP\u00e2ques 1-4 (11)\u00a0\u00bb _builder_version=\u00a0\u00bb4.24.2&Prime; _module_preset=\u00a0\u00bbdefault\u00a0\u00bb global_colors_info=\u00a0\u00bb{}\u00a0\u00bb][\/et_pb_image][\/et_pb_column][et_pb_column type=\u00a0\u00bb3_5&Prime; _builder_version=\u00a0\u00bb4.24.2&Prime; _module_preset=\u00a0\u00bbdefault\u00a0\u00bb global_colors_info=\u00a0\u00bb{}\u00a0\u00bb][et_pb_cta title=\u00a0\u00bbEduTech\u00a0\u00bb button_text=\u00a0\u00bbClics\u00a0\u00bb _builder_version=\u00a0\u00bb4.24.2&Prime; _module_preset=\u00a0\u00bbdefault\u00a0\u00bb header_font=\u00a0\u00bbPoppins||||||||\u00a0\u00bb header_text_color=\u00a0\u00bb#212121&Prime; body_font=\u00a0\u00bbLora|300|||||||\u00a0\u00bb body_text_align=\u00a0\u00bbleft\u00a0\u00bb body_text_color=\u00a0\u00bb#212121&Prime; body_font_size=\u00a0\u00bb16px\u00a0\u00bb background_color=\u00a0\u00bbrgba(91,80,59,0.3)\u00a0\u00bb custom_margin=\u00a0\u00bb35px|||||\u00a0\u00bb custom_padding=\u00a0\u00bb80px||80px|||\u00a0\u00bb hover_enabled=\u00a0\u00bb0&Prime; global_colors_info=\u00a0\u00bb{}\u00a0\u00bb sticky_enabled=\u00a0\u00bb0&Prime;]<\/p>\n<p>Ce projet introduit des outils num\u00e9riques modernes pour enrichir l\u2019enseignement. Ces technologies apportent un support suppl\u00e9mentaire \u00e0 l\u2019apprentissage et permettent aux enfants de d\u00e9velopper des comp\u00e9tences adapt\u00e9es \u00e0 leur \u00e9poque.<\/p>\n<p>[\/et_pb_cta][\/et_pb_column][\/et_pb_row][et_pb_row column_structure=\u00a0\u00bb2_5,3_5&Prime; _builder_version=\u00a0\u00bb4.24.2&Prime; _module_preset=\u00a0\u00bbdefault\u00a0\u00bb hover_enabled=\u00a0\u00bb0&Prime; global_colors_info=\u00a0\u00bb{}\u00a0\u00bb sticky_enabled=\u00a0\u00bb0&Prime;][et_pb_column _builder_version=\u00a0\u00bb4.24.2&Prime; _module_preset=\u00a0\u00bbdefault\u00a0\u00bb type=\u00a0\u00bb2_5&Prime;][et_pb_image src=\u00a0\u00bbhttp:\/\/www.ursulines-tournai.be\/wp-content\/uploads\/2024\/03\/Paques-1-4-14.png\u00a0\u00bb title_text=\u00a0\u00bbP\u00e2ques 1-4 (14)\u00a0\u00bb _builder_version=\u00a0\u00bb4.24.2&Prime; _module_preset=\u00a0\u00bbdefault\u00a0\u00bb global_colors_info=\u00a0\u00bb{}\u00a0\u00bb][\/et_pb_image][\/et_pb_column][et_pb_column type=\u00a0\u00bb3_5&Prime; _builder_version=\u00a0\u00bb4.24.2&Prime; _module_preset=\u00a0\u00bbdefault\u00a0\u00bb global_colors_info=\u00a0\u00bb{}\u00a0\u00bb][et_pb_cta title=\u00a0\u00bbMain dans la main\u00a0\u00bb button_text=\u00a0\u00bbClics\u00a0\u00bb _builder_version=\u00a0\u00bb4.24.2&Prime; _module_preset=\u00a0\u00bbdefault\u00a0\u00bb header_font=\u00a0\u00bbPoppins||||||||\u00a0\u00bb header_text_color=\u00a0\u00bb#212121&Prime; body_font=\u00a0\u00bbLora|300|||||||\u00a0\u00bb body_text_align=\u00a0\u00bbleft\u00a0\u00bb body_text_color=\u00a0\u00bb#212121&Prime; body_font_size=\u00a0\u00bb16px\u00a0\u00bb background_color=\u00a0\u00bbrgba(94,47,18,0.3)\u00a0\u00bb custom_margin=\u00a0\u00bb38px|||||\u00a0\u00bb custom_padding=\u00a0\u00bb80px||80px|||\u00a0\u00bb hover_enabled=\u00a0\u00bb0&Prime; global_colors_info=\u00a0\u00bb{}\u00a0\u00bb sticky_enabled=\u00a0\u00bb0&Prime;]<\/p>\n<p>Ce projet vise \u00e0 renforcer la coh\u00e9sion de groupe, l\u2019empathie et la bienveillance entre les enfants \u00e0 travers des jeux interactifs. Il cr\u00e9e un espace o\u00f9 les \u00e9l\u00e8ves peuvent exprimer leurs \u00e9motions, comprendre les ressentis des autres et cultiver des relations positives.<\/p>\n<p>[\/et_pb_cta][\/et_pb_column][\/et_pb_row][et_pb_row column_structure=\u00a0\u00bb2_5,3_5&Prime; _builder_version=\u00a0\u00bb4.24.2&Prime; _module_preset=\u00a0\u00bbdefault\u00a0\u00bb global_colors_info=\u00a0\u00bb{}\u00a0\u00bb][et_pb_column type=\u00a0\u00bb2_5&Prime; _builder_version=\u00a0\u00bb4.24.2&Prime; _module_preset=\u00a0\u00bbdefault\u00a0\u00bb global_colors_info=\u00a0\u00bb{}\u00a0\u00bb][et_pb_image src=\u00a0\u00bbhttp:\/\/www.ursulines-tournai.be\/wp-content\/uploads\/2024\/03\/H-44-1.png\u00a0\u00bb title_text=\u00a0\u00bbH (44) (1)\u00a0\u00bb _builder_version=\u00a0\u00bb4.24.2&Prime; _module_preset=\u00a0\u00bbdefault\u00a0\u00bb global_colors_info=\u00a0\u00bb{}\u00a0\u00bb][\/et_pb_image][\/et_pb_column][et_pb_column type=\u00a0\u00bb3_5&Prime; _builder_version=\u00a0\u00bb4.24.2&Prime; _module_preset=\u00a0\u00bbdefault\u00a0\u00bb global_colors_info=\u00a0\u00bb{}\u00a0\u00bb][et_pb_cta title=\u00a0\u00bbEsprit de jardin, c\u0153ur de groupe\u00a0\u00bb button_text=\u00a0\u00bbClics\u00a0\u00bb _builder_version=\u00a0\u00bb4.24.2&Prime; _module_preset=\u00a0\u00bbdefault\u00a0\u00bb header_font=\u00a0\u00bbPoppins||||||||\u00a0\u00bb header_text_color=\u00a0\u00bb#212121&Prime; body_font=\u00a0\u00bbLora|300|||||||\u00a0\u00bb body_text_align=\u00a0\u00bbleft\u00a0\u00bb body_text_color=\u00a0\u00bb#212121&Prime; body_font_size=\u00a0\u00bb16px\u00a0\u00bb background_color=\u00a0\u00bbrgba(83,160,0,0.3)\u00a0\u00bb custom_margin=\u00a0\u00bb27px|||||\u00a0\u00bb custom_padding=\u00a0\u00bb80px||80px|||\u00a0\u00bb hover_enabled=\u00a0\u00bb0&Prime; global_colors_info=\u00a0\u00bb{}\u00a0\u00bb sticky_enabled=\u00a0\u00bb0&Prime;]<\/p>\n<p>Les \u00e9l\u00e8ves participent tout au long de l\u2019ann\u00e9e \u00e0 des visites r\u00e9guli\u00e8res au s\u00e9minaire de Tournai. Ces sorties offrent des activit\u00e9s vari\u00e9es comme l\u2019\u00e9veil \u00e0 la nature et \u00e0 la foi, le land art, le jardinage, l\u2019apprentissage du n\u00e9erlandais, ainsi que des exercices favorisant la coh\u00e9sion de groupe et la confiance en soi.<\/p>\n<p>[\/et_pb_cta][\/et_pb_column][\/et_pb_row][et_pb_row column_structure=\u00a0\u00bb2_5,3_5&Prime; _builder_version=\u00a0\u00bb4.24.2&Prime; _module_preset=\u00a0\u00bbdefault\u00a0\u00bb hover_enabled=\u00a0\u00bb0&Prime; global_colors_info=\u00a0\u00bb{}\u00a0\u00bb sticky_enabled=\u00a0\u00bb0&Prime;][et_pb_column _builder_version=\u00a0\u00bb4.24.2&Prime; _module_preset=\u00a0\u00bbdefault\u00a0\u00bb type=\u00a0\u00bb2_5&Prime;][et_pb_image src=\u00a0\u00bbhttp:\/\/www.ursulines-tournai.be\/wp-content\/uploads\/2025\/01\/projet-14.png\u00a0\u00bb title_text=\u00a0\u00bbprojet (14)\u00a0\u00bb _builder_version=\u00a0\u00bb4.24.2&Prime; _module_preset=\u00a0\u00bbdefault\u00a0\u00bb global_colors_info=\u00a0\u00bb{}\u00a0\u00bb][\/et_pb_image][\/et_pb_column][et_pb_column type=\u00a0\u00bb3_5&Prime; _builder_version=\u00a0\u00bb4.24.2&Prime; _module_preset=\u00a0\u00bbdefault\u00a0\u00bb global_colors_info=\u00a0\u00bb{}\u00a0\u00bb][et_pb_cta title=\u00a0\u00bbAnimateur junior\u00a0\u00bb button_text=\u00a0\u00bbClics\u00a0\u00bb _builder_version=\u00a0\u00bb4.24.2&Prime; _module_preset=\u00a0\u00bbdefault\u00a0\u00bb header_font=\u00a0\u00bbPoppins||||||||\u00a0\u00bb header_text_color=\u00a0\u00bb#212121&Prime; body_font=\u00a0\u00bbLora|300|||||||\u00a0\u00bb body_text_align=\u00a0\u00bbleft\u00a0\u00bb body_text_color=\u00a0\u00bb#212121&Prime; body_font_size=\u00a0\u00bb16px\u00a0\u00bb background_color=\u00a0\u00bbrgba(224,153,0,0.3)\u00a0\u00bb custom_margin=\u00a0\u00bb26px|||||\u00a0\u00bb custom_padding=\u00a0\u00bb80px||80px|||\u00a0\u00bb hover_enabled=\u00a0\u00bb0&Prime; global_colors_info=\u00a0\u00bb{}\u00a0\u00bb sticky_enabled=\u00a0\u00bb0&Prime;]<\/p>\n<p>Cette formation de 8 semaines s\u2019adresse aux \u00e9l\u00e8ves volontaires de 5e et 6e primaire. Elle leur apprend les bases du r\u00f4le d\u2019animateur pour encadrer des activit\u00e9s destin\u00e9es aux enfants de maternelle durant la pause de midi. Ils d\u00e9couvrent des jeux, apprennent \u00e0 g\u00e9rer diff\u00e9rentes situations, tout en restant des enfants eux-m\u00eames.<\/p>\n<p>[\/et_pb_cta][\/et_pb_column][\/et_pb_row][\/et_pb_section]<\/p>\n","protected":false},"excerpt":{"rendered":"<p>Nos projets p\u00e9dagogiques\u00a0\u00bbSemer des graines d\u2019\u00e9veil et d\u2019\u00e9motions pour faire fleurir les talents de chaque enfant.\u00a0\u00bbCe projet propose des ateliers gratuits pendant la pause de midi pour favoriser le bien-\u00eatre [&hellip;]<\/p>\n","protected":false},"author":4,"featured_media":0,"parent":0,"menu_order":0,"comment_status":"closed","ping_status":"closed","template":"","meta":{"_et_pb_use_builder":"on","_et_pb_old_content":"","_et_gb_content_width":"","footnotes":""},"class_list":["post-1060","page","type-page","status-publish","hentry"],"_links":{"self":[{"href":"http:\/\/www.ursulines-tournai.be\/index.php\/wp-json\/wp\/v2\/pages\/1060","targetHints":{"allow":["GET"]}}],"collection":[{"href":"http:\/\/www.ursulines-tournai.be\/index.php\/wp-json\/wp\/v2\/pages"}],"about":[{"href":"http:\/\/www.ursulines-tournai.be\/index.php\/wp-json\/wp\/v2\/types\/page"}],"author":[{"embeddable":true,"href":"http:\/\/www.ursulines-tournai.be\/index.php\/wp-json\/wp\/v2\/users\/4"}],"replies":[{"embeddable":true,"href":"http:\/\/www.ursulines-tournai.be\/index.php\/wp-json\/wp\/v2\/comments?post=1060"}],"version-history":[{"count":10,"href":"http:\/\/www.ursulines-tournai.be\/index.php\/wp-json\/wp\/v2\/pages\/1060\/revisions"}],"predecessor-version":[{"id":1454,"href":"http:\/\/www.ursulines-tournai.be\/index.php\/wp-json\/wp\/v2\/pages\/1060\/revisions\/1454"}],"wp:attachment":[{"href":"http:\/\/www.ursulines-tournai.be\/index.php\/wp-json\/wp\/v2\/media?parent=1060"}],"curies":[{"name":"wp","href":"https:\/\/api.w.org\/{rel}","templated":true}]}}